{"id":278,"date":"2015-08-17T07:26:13","date_gmt":"2015-08-17T06:26:13","guid":{"rendered":"https:\/\/confector.hu\/nyilaszaro\/?page_id=278"},"modified":"2024-11-05T12:01:19","modified_gmt":"2024-11-05T11:01:19","slug":"kulteri-textil-arnyekolok","status":"publish","type":"page","link":"https:\/\/confector.hu\/nyilaszaro\/kulteri-textil-arnyekolok\/","title":{"rendered":"K\u00fclt\u00e9ri textil \u00e1rny\u00e9kol\u00f3k"},"content":{"rendered":"<h3>Mik a k\u00fclt\u00e9ri textil \u00e1rny\u00e9kol\u00f3k el\u0151nyei?<\/h3>\n<p>&nbsp;<\/p>\n<p style=\"text-align: justify;\">Az \u00e1rny\u00e9kol\u00e1snak leghat\u00e1sosabb m\u00f3dja a k\u00fclt\u00e9ri \u00e1rny\u00e9kol\u00f3k felszerel\u00e9se. Legt\u00f6bb esetben a ny\u00edl\u00e1sz\u00e1r\u00f3kra szerelt k\u00fcls\u0151 \u00e1rny\u00e9kol\u00f3k megakad\u00e1lyozz\u00e1k a kil\u00e1t\u00e1st (mint egy leh\u00fazott red\u0151ny), vagy csak nagyon korl\u00e1tozottan engedik (ferd\u00e9n be\u00e1ll\u00edtott zsaluzi\u00e1k lamell\u00e1i). Ha a t\u00e1jat vagy a kertet csod\u00e1lni szeretn\u00e9, olyan megold\u00e1st kell v\u00e1lasztani, ami nagy fel\u00fcleten megsz\u0171ri a nap sugarait, de \u00e1tl\u00e1that\u00f3. Erre megold\u00e1s a <strong>k\u00fcls\u0151 textil \u00e1rny\u00e9kol\u00f3<\/strong>. K\u00e9t f\u0151 t\u00edpus\u00e1t k\u00fcl\u00f6nb\u00f6ztetj\u00fck meg: a sz\u00e9l\u00e1ll\u00f3 \u201eFixscreen\u201d \u00e9s a sz\u00e9lben nem haszn\u00e1lhat\u00f3 \u201eWinscreen\u201d kivitelt.<\/p>\n<p>&nbsp;<\/p>\n<h3>Winscreen k\u00fclt\u00e9ri textil \u00e1rny\u00e9kol\u00f3k<\/h3>\n<p>&nbsp;<\/p>\n<p style=\"text-align: justify;\"><img loading=\"lazy\" decoding=\"async\" src=\"https:\/\/confector.hu\/nyilaszaro\/wp-content\/uploads\/2015\/08\/Winscreen.jpg\" alt=\"Winscreen\" class=\"alignright size-full wp-image-770\" height=\"201\" width=\"420\" srcset=\"https:\/\/confector.hu\/nyilaszaro\/wp-content\/uploads\/2015\/08\/Winscreen.jpg 420w, https:\/\/confector.hu\/nyilaszaro\/wp-content\/uploads\/2015\/08\/Winscreen-300x144.jpg 300w\" sizes=\"auto, (max-width: 420px) 100vw, 420px\" \/>Winscreen \u00e1rny\u00e9kol\u00f3 egy olyan rendszer, melyn\u00e9l a textilt a z\u00e1r\u00f3l\u00e9c fesz\u00edti, amely a megvezet\u0151 s\u00ednekben fut, de a v\u00e1szon nem kapcsol\u00f3dik a lefut\u00f3khoz. Tokoz\u00e1sa lehet <strong>vakolhat\u00f3<\/strong> vagy <strong>l\u00e1tsz\u00f3tokos<\/strong> kivitel\u0171. Vakolhat\u00f3 tokja elrejthet\u0151 a homlokzat burkolatba. Kis helyig\u00e9nye miatt egyszer\u0171en szerelhet\u0151 a ny\u00edl\u00e1sz\u00e1r\u00f3kra, nem takarja az \u00fcvegfel\u00fcletet. K\u00e9zi hajt\u00f3karos vagy motoros m\u0171k\u00f6d\u00e9ssel is gy\u00e1rthat\u00f3. Alkalmas lak\u00e1sok, irod\u00e1k, k\u00f6zint\u00e9zm\u00e9nyek egyszer\u0171en kezelhet\u0151 \u00e1rny\u00e9kol\u00f3jak\u00e9nt. Nagym\u00e9ret\u0171 \u00fcvegfel\u00fcletek \u00e1rny\u00e9kolhat\u00f3k maxim\u00e1lisan sz\u00e9less\u00e9gben \u00e9s magass\u00e1gban is 300 centim\u00e9terig, sz\u00e1mtalan textil be\u00e9p\u00edt\u00e9s\u00e9nek lehet\u0151s\u00e9g\u00e9vel, k\u00fcl\u00f6nb\u00f6z\u0151 \u00e1rny\u00e9kol\u00e1si, f\u00e9ny\u00e1tereszt\u00e9si fokozatban. Az \u00e1rny\u00e9kol\u00f3 nem sz\u00e9l \u00e9s huzat\u00e1ll\u00f3. Ha \u00d6nnek szempont a sz\u00e9l\u00e1ll\u00f3s\u00e1g, akkor a Fixscreen rendszert aj\u00e1nljuk. Winscreen mini f\u00fcgg\u0151leges k\u00e9zi mozgat\u00e1s\u00fa k\u00fclt\u00e9ri \u00e1rny\u00e9kol\u00f3, als\u00f3 r\u00f6gz\u00edt\u00e9se akaszt\u00f3val t\u00f6rt\u00e9nik, hasonl\u00f3an, mint rol\u00f3s sz\u00fanyogh\u00e1l\u00f3kn\u00e1l. K\u00fcl\u00f6nb\u00f6z\u0151 perfor\u00e1lts\u00e1g\u00fa textilekkel gy\u00e1rthat\u00f3, melyek k\u00fcl\u00f6nb\u00f6z\u0151 m\u00f3don engedik a bel\u00e1t\u00e1st, illetve a f\u00e9nyt. Lehet\u0151s\u00e9g van f\u00e9nyz\u00e1r\u00f3 textilek alkalmaz\u00e1s\u00e1ra, melyekkel teljes s\u00f6t\u00e9t\u00edt\u00e9s is el\u00e9rhet\u0151. Tokm\u00e9rete minim\u00e1lis, ablakra egyszer\u0171en szerelhet\u0151, kisebb szerkezetekn\u00e9l ak\u00e1r a red\u0151ny alternat\u00edv\u00e1ja lehet. Rug\u00f3s mechanik\u00e1ja a v\u00e1sznat feszesen tartja, megvezet\u00e9se a lefut\u00f3kban t\u00f6rt\u00e9nik.<\/p>\n<p>&nbsp;<\/p>\n<h3>Fixscreen k\u00fclt\u00e9ri textil \u00e1rny\u00e9kol\u00f3k<\/h3>\n<p>&nbsp;<\/p>\n<p style=\"text-align: justify;\"><img loading=\"lazy\" decoding=\"async\" src=\"https:\/\/confector.hu\/nyilaszaro\/wp-content\/uploads\/2015\/08\/Fixscreen.jpg\" alt=\"Fixscreen\" class=\"alignright size-full wp-image-771\" height=\"374\" width=\"420\" srcset=\"https:\/\/confector.hu\/nyilaszaro\/wp-content\/uploads\/2015\/08\/Fixscreen.jpg 420w, https:\/\/confector.hu\/nyilaszaro\/wp-content\/uploads\/2015\/08\/Fixscreen-300x267.jpg 300w\" sizes=\"auto, (max-width: 420px) 100vw, 420px\" \/>Fixscreen \u00e1rny\u00e9kol\u00f3 rendszert a Belga RENSON v\u00e1llalat fejlesztette ki, de n\u00e9h\u00e1ny \u00e9ve haz\u00e1nkban is megkezd\u0151d\u00f6tt a gy\u00e1rt\u00e1sa, \u00edgy \u00e1rszintje el\u00e9rhet\u0151bb\u00e9 v\u00e1lt. Egyedi tulajdons\u00e1ga, hogy a textilek sz\u00e9l\u00e9re hegesztett, zippz\u00e1r elv\u00e9hez hasonl\u00f3an m\u0171k\u00f6d\u0151 r\u00f6gz\u00edt\u0151 elem ker\u00fcl, mely a lefut\u00f3kba cs\u00faszva megakad\u00e1lyozza az \u00e1rny\u00e9kol\u00f3 lebeg\u00e9s\u00e9t, \u00edgy <strong>sz\u00e9l\u00e1ll\u00f3v\u00e1<\/strong> v\u00e1lik, valamint megakad\u00e1lyozza a bogarak bejut\u00e1s\u00e1t. Textiljei v\u00e9denek a nap f\u00e9nye, illetve h\u0151je ellen is, mik\u00f6zben nem akad\u00e1lyozz\u00e1k a kil\u00e1t\u00e1st. Sz\u00e9les term\u00e9ksk\u00e1l\u00e1ja megold\u00e1st ny\u00fajt lak\u00e1sok, de ak\u00e1r k\u00f6z\u00e9p\u00fcletek \u00e1rny\u00e9kol\u00e1s\u00e1ra is. Tokoz\u00e1sa lehet <strong>vakolhat\u00f3<\/strong> vagy <strong>l\u00e1tsz\u00f3tokos<\/strong> kivitel\u0171. Nem csak a tokja elrejthet\u0151 a homlokzat burkolatba, de a f\u00fcgg\u0151leges vezet\u0151s\u00ednek is, ez\u00e9rt alkalmaz\u00e1si lehet\u0151s\u00e9ge a klasszikust\u00f3l a modern \u00e9p\u00fcletekig terjed. A tok \u00f6nhord\u00f3, az oldals\u00ednekre szerelhet\u0151 fel. M\u00e9rettartom\u00e1nya fel\u00fclm\u00falhatatlan, ak\u00e1r 22m2-es egybef\u00fcgg\u0151 fel\u00fclet \u00e1rny\u00e9kolhat\u00f3, 6 m\u00e9ter magass\u00e1gig. Sz\u00e9l\u00e1ll\u00f3s\u00e1ga meggy\u0151z\u0151, 80 km\/h-ig garant\u00e1lt.<\/p>\n<p style=\"text-align: justify;\"><strong>\u00a0<\/strong><\/p>\n<p>&nbsp;<\/p>\n<h3>Textilanyagok<\/h3>\n<p>&nbsp;<\/p>\n<p style=\"text-align: justify;\">K\u00fclt\u00e9ri textil \u00e1rny\u00e9kol\u00f3kba a SOLTIS textilcsal\u00e1dot aj\u00e1nljuk. K\u00e9tf\u00e9le anyagtext\u00far\u00e1val, sz\u00e1mtalan sz\u00ednben. SOLTIS 86 nagyobb l\u00e9g\u00e1tereszt\u00e9s\u0171 anyag, nagyobb \u00e1tl\u00e1that\u00f3s\u00e1ggal, irod\u00e1k, int\u00e9zm\u00e9nyek ide\u00e1lis \u00e1rny\u00e9kol\u00f3ja. SOLTIS 92 s\u0171r\u0171bb lyukaszt\u00e1s\u00fa, kisebb \u00e1tl\u00e1that\u00f3s\u00e1g\u00fa, ez\u00e9rt lak\u00e1sokban ide\u00e1lis megold\u00e1s. A SOLTIS textilek gy\u0171r\u0151d\u00e9smentes anyagb\u00f3l k\u00e9sz\u00fclnek, kifejezetten k\u00fclt\u00e9ri alkalmaz\u00e1sra, k\u00f6nnyen tiszt\u00edthat\u00f3k.<\/p>\n<div class=\"erdeklodom\">\n<a href=\"https:\/\/confector.hu\/nyilaszaro\/kapcsolat\" >\u00c9rdekl\u0151d\u00f6m <i class=\"fa fa-arrow-circle-right\"><\/i><\/a><\/div>\n","protected":false},"excerpt":{"rendered":"<p>Mik a k\u00fclt\u00e9ri textil \u00e1rny\u00e9kol\u00f3k el\u0151nyei? &nbsp; Az \u00e1rny\u00e9kol\u00e1snak leghat\u00e1sosabb m\u00f3dja a k\u00fclt\u00e9ri \u00e1rny\u00e9kol\u00f3k felszerel\u00e9se. Legt\u00f6bb esetben a ny\u00edl\u00e1sz\u00e1r\u00f3kra szerelt k\u00fcls\u0151 \u00e1rny\u00e9kol\u00f3k megakad\u00e1lyozz\u00e1k a kil\u00e1t\u00e1st (mint egy leh\u00fazott red\u0151ny), vagy csak nagyon korl\u00e1tozottan engedik (ferd\u00e9n be\u00e1ll\u00edtott zsaluzi\u00e1k lamell\u00e1i). Ha a t\u00e1jat vagy a kertet csod\u00e1lni szeretn\u00e9, olyan megold\u00e1st kell v\u00e1lasztani, ami nagy fel\u00fcleten megsz\u0171ri a [&hellip;]<\/p>\n","protected":false},"author":2,"featured_media":0,"parent":0,"menu_order":0,"comment_status":"closed","ping_status":"open","template":"","meta":{"footnotes":""},"class_list":["post-278","page","type-page","status-publish","hentry"],"aioseo_notices":[],"_links":{"self":[{"href":"https:\/\/confector.hu\/nyilaszaro\/wp-json\/wp\/v2\/pages\/278","targetHints":{"allow":["GET"]}}],"collection":[{"href":"https:\/\/confector.hu\/nyilaszaro\/wp-json\/wp\/v2\/pages"}],"about":[{"href":"https:\/\/confector.hu\/nyilaszaro\/wp-json\/wp\/v2\/types\/page"}],"author":[{"embeddable":true,"href":"https:\/\/confector.hu\/nyilaszaro\/wp-json\/wp\/v2\/users\/2"}],"replies":[{"embeddable":true,"href":"https:\/\/confector.hu\/nyilaszaro\/wp-json\/wp\/v2\/comments?post=278"}],"version-history":[{"count":7,"href":"https:\/\/confector.hu\/nyilaszaro\/wp-json\/wp\/v2\/pages\/278\/revisions"}],"predecessor-version":[{"id":1011,"href":"https:\/\/confector.hu\/nyilaszaro\/wp-json\/wp\/v2\/pages\/278\/revisions\/1011"}],"wp:attachment":[{"href":"https:\/\/confector.hu\/nyilaszaro\/wp-json\/wp\/v2\/media?parent=278"}],"curies":[{"name":"wp","href":"https:\/\/api.w.org\/{rel}","templated":true}]}}