{"id":230,"date":"2015-08-17T07:16:26","date_gmt":"2015-08-17T06:16:26","guid":{"rendered":"https:\/\/confector.hu\/nyilaszaro\/?page_id=230"},"modified":"2024-11-05T12:01:20","modified_gmt":"2024-11-05T11:01:20","slug":"rehau-toloajto","status":"publish","type":"page","link":"https:\/\/confector.hu\/nyilaszaro\/rehau-toloajto\/","title":{"rendered":"Rehau tol\u00f3ajt\u00f3"},"content":{"rendered":"<h3>Rehau tol\u00f3ajt\u00f3 k\u00edn\u00e1latunk<\/h3>\n<p style=\"text-align: justify;\">Term\u00e9keink k\u00f6z\u00f6tt t\u00f6bbf\u00e9le tol\u00f3ajt\u00f3 t\u00edpus tal\u00e1lhat\u00f3. Rehau tol\u00f3ajt\u00f3 legel\u0151ny\u00f6sebb tulajdons\u00e1ga, hogy helytakar\u00e9kosak, mert a nyit\u00e1s sor\u00e1n a mozg\u00f3 sz\u00e1rny nem foglal k\u00fcl\u00f6n\u00f6sebben nagy helyet a lak\u00f3t\u00e9rb\u0151l, a fix \u00fcvegelem el\u00e9 tol\u00f3dik. Rehau tol\u00f3ajt\u00f3k alkalmasak rendk\u00edv\u00fcl sz\u00e9les ny\u00edl\u00e1sok &#8211; ak\u00e1r 4 m\u00e9ter &#8211; kialak\u00edt\u00e1s\u00e1ra minim\u00e1lis k\u00fcsz\u00f6bmagass\u00e1ggal. A n\u00e9met Rehau ablakrendszereinkb\u0151l buk\u00f3-tol\u00f3 vagy emel\u0151-tol\u00f3 erk\u00e9lyajt\u00f3 is k\u00e9sz\u00edthet\u0151, melyekhez egyedi profilrendszert aj\u00e1nlunk. Ha Rehau tol\u00f3ajt\u00f3ra van sz\u00fcks\u00e9ge, <strong><a href=\"\/confector\/nyilaszaro\/kapcsolat\/\">k\u00e9rjen aj\u00e1nlatot<\/a>!<\/strong><\/p>\n<p>&nbsp;<\/p>\n<h3>Rehau tol\u00f3ajt\u00f3 (emel\u0151-tol\u00f3 erk\u00e9lyajt\u00f3)<\/h3>\n<p>&nbsp;<\/p>\n<h4>Rehau tol\u00f3ajt\u00f3 nyit\u00e1si lehet\u0151s\u00e9gek:<\/h4>\n<p><img loading=\"lazy\" decoding=\"async\" src=\"https:\/\/confector.hu\/nyilaszaro\/wp-content\/uploads\/2015\/08\/emelo-tolo-erkelyajto.jpg\" alt=\"emelo-tolo-erkelyajto\" class=\"alignnone size-full wp-image-393\" height=\"416\" width=\"420\" srcset=\"https:\/\/confector.hu\/nyilaszaro\/wp-content\/uploads\/2015\/08\/emelo-tolo-erkelyajto.jpg 420w, https:\/\/confector.hu\/nyilaszaro\/wp-content\/uploads\/2015\/08\/emelo-tolo-erkelyajto-150x150.jpg 150w, https:\/\/confector.hu\/nyilaszaro\/wp-content\/uploads\/2015\/08\/emelo-tolo-erkelyajto-300x297.jpg 300w, https:\/\/confector.hu\/nyilaszaro\/wp-content\/uploads\/2015\/08\/emelo-tolo-erkelyajto-81x81.jpg 81w, https:\/\/confector.hu\/nyilaszaro\/wp-content\/uploads\/2015\/08\/emelo-tolo-erkelyajto-50x50.jpg 50w\" sizes=\"auto, (max-width: 420px) 100vw, 420px\" \/><img loading=\"lazy\" decoding=\"async\" src=\"https:\/\/confector.hu\/nyilaszaro\/wp-content\/uploads\/2015\/08\/emelo-tolo-erkelyajto2.jpg\" alt=\"emelo-tolo-erkelyajto2\" class=\"alignnone size-full wp-image-394\" height=\"420\" width=\"420\" srcset=\"https:\/\/confector.hu\/nyilaszaro\/wp-content\/uploads\/2015\/08\/emelo-tolo-erkelyajto2.jpg 420w, https:\/\/confector.hu\/nyilaszaro\/wp-content\/uploads\/2015\/08\/emelo-tolo-erkelyajto2-150x150.jpg 150w, https:\/\/confector.hu\/nyilaszaro\/wp-content\/uploads\/2015\/08\/emelo-tolo-erkelyajto2-300x300.jpg 300w, https:\/\/confector.hu\/nyilaszaro\/wp-content\/uploads\/2015\/08\/emelo-tolo-erkelyajto2-81x81.jpg 81w, https:\/\/confector.hu\/nyilaszaro\/wp-content\/uploads\/2015\/08\/emelo-tolo-erkelyajto2-50x50.jpg 50w\" sizes=\"auto, (max-width: 420px) 100vw, 420px\" \/><\/p>\n<p style=\"text-align: justify;\">Rehau GENEO emel\u0151-tol\u00f3ajt\u00f3k az erk\u00e9ly vagy terasz, valamint a nappali hat\u00e1rol\u00e1s\u00e1nak egyik leg\u00f6tletesebb \u00e9s helytakar\u00e9kosabb megold\u00e1s\u00e1t teszik lehet\u0151v\u00e9. Szell\u0151s t\u00e9r\u00e9rzetet biztos\u00edtanak, \u00e9s maxim\u00e1lis term\u00e9szetes f\u00e9nnyel l\u00e1tj\u00e1k el a bels\u0151 tereket. Biztons\u00e1gi szempontb\u00f3l \u2013 egyszer\u0171, robosztus kialak\u00edt\u00e1s\u00e1nak k\u00f6sz\u00f6nhet\u0151en \u2013 az egyik legkiv\u00e1l\u00f3bb ny\u00edl\u00e1sz\u00e1r\u00f3 t\u00edpus. Rehau emel\u0151-tol\u00f3ajt\u00f3k alapanyaga az ablakokn\u00e1l ismert RAU-FIPRO anyag, mely extra merevs\u00e9get \u00e9s profilkialak\u00edt\u00e1sa, kamrakioszt\u00e1sa r\u00e9v\u00e9n magas fok\u00fa h\u0151szigetel\u00e9st biztos\u00edt. Az emel\u0151-tol\u00f3 erk\u00e9lyajt\u00f3k s\u00edkban ny\u00edlnak, kicsi a helyig\u00e9ny\u00fck, k\u00e9nyelmes m\u0171k\u00f6dtet\u00e9st biztos\u00edtanak, s\u00fcllyesztett h\u0151h\u00eddmentes k\u00fcsz\u00f6bkialak\u00edt\u00e1s akad\u00e1lymentes \u00e1tj\u00e1r\u00e1st biztos\u00edt. K\u00e9sz\u00edthet\u0151 csak bel\u00fclr\u0151l z\u00e1rhat\u00f3 kivitelben, vagy k\u00e9toldali kilinccsel \u00e9s kulccsal z\u00e1rhat\u00f3 megold\u00e1ssal. Bet\u00f6r\u00e9sv\u00e9delm\u00e9t a n\u00e9met GU vasalat biztos\u00edtja, merevs\u00e9g\u00e9t a h\u0151h\u00eddmentes\u00edtett alum\u00ednium tokszerkezet, mely alum\u00ednium r\u00e1t\u00e9tlemezzel tehet\u0151 m\u00e9g id\u0151\u00e1ll\u00f3bb\u00e1 \u00e9s egyediv\u00e9. A REHAU profilok fel\u00fclete rendk\u00edv\u00fcl sima, \u00edgy k\u00f6nnyen takar\u00edthat\u00f3, tiszt\u00edthat\u00f3. Emel\u0151-tol\u00f3 erk\u00e9lyajt\u00f3hoz k\u00edn\u00e1lunk \u00e1rny\u00e9kol\u00e1stechnikai berendez\u00e9seket \u00e9s plisz\u00e9 <strong><a href=\"\/confector\/nyilaszaro\/szunyoghalok\/\">sz\u00fanyogh\u00e1l\u00f3<\/a><\/strong>t. Alapanyaga k\u00f6rnyezetbar\u00e1t, \u00fajrahasznos\u00edthat\u00f3.<\/p>\n<p>&nbsp;<\/p>\n<h4>Rehau tol\u00f3ajt\u00f3 m\u0171szaki param\u00e9terei:<\/h4>\n<ul>\n<li>Be\u00e9p\u00edt\u00e9si m\u00e9lys\u00e9g: 210 mm<\/li>\n<li>H\u0151szigetel\u00e9s Uf=1,3 W\/m2K<\/li>\n<li>\u00dcvegez\u00e9s Ug=0,5 W\/m2K<\/li>\n<li>Elemek maxim\u00e1lis magass\u00e1ga: 270 cm, sz\u00e9less\u00e9ge: 10 m<\/li>\n<li>Sz\u00ednk\u00edn\u00e1lat \u2013 f\u00f3liakas\u00edroz\u00e1ssal vagy alum\u00ednium r\u00e1t\u00e9tlemezzel<\/li>\n<\/ul>\n<p>&nbsp;<\/p>\n<h3>Rehau tol\u00f3ajt\u00f3 (buk\u00f3-tol\u00f3 erk\u00e9lyajt\u00f3)<\/h3>\n<p>&nbsp;<\/p>\n<p style=\"text-align: justify;\">A tol\u00f3ajt\u00f3k legegyszer\u0171bb kivitele a buk\u00f3-tol\u00f3 kialak\u00edt\u00e1s. Ezekn\u00e9l a szerkezetekn\u00e9l az alap profil b\u00e1rmelyik ablak Rehau ablak t\u00edpusb\u00f3l v\u00e1laszthat\u00f3 \u2013 ECOSOL, SYNEGO, GENEO. Ilyenkor a tok \u00e9s sz\u00e1rnyprofil megegyezik a ny\u00edl\u00f3 kivitellel, de a mozgat\u00e1st als\u00f3 \u00e9s fels\u0151 s\u00ednre szerelt kocsik biztos\u00edtj\u00e1k. A buk\u00f3-tol\u00f3 ablakok el\u0151nye, hogy a sz\u00e1rnyak buk\u00f3ra is nyithat\u00f3k, teh\u00e1t egy kisebb szell\u0151ztet\u00e9shez nem sz\u00fcks\u00e9ges a teljes sz\u00e1rny nyit\u00e1sa. Emellett ny\u00e1ri est\u00e9ken a rovarokt\u00f3l sem kell f\u00e9ln\u00fcnk, mert t\u00f6bbf\u00e9le sz\u00fanyogh\u00e1l\u00f3 t\u00edpus is v\u00e1laszthat\u00f3 az \u00e1ltalunk gy\u00e1rtott t\u00edpusokhoz. A buk\u00f3-tol\u00f3 ablakok tov\u00e1bbi el\u0151nye, hogy nyit\u00e1suk helytakar\u00e9kos, \u00e9s k\u00f6z\u00e9pen k\u00e9t oldalra ny\u00edl\u00f3 kivitelben is be\u00e9p\u00edthet\u0151.<\/p>\n<p>&nbsp;<\/p>\n<h4>Rehau tol\u00f3ajt\u00f3 nyit\u00e1si lehet\u0151s\u00e9gek:<\/h4>\n<p><img loading=\"lazy\" decoding=\"async\" src=\"https:\/\/confector.hu\/nyilaszaro\/wp-content\/uploads\/2015\/08\/rehau-toloajto-buko-tolo-1.jpg\" alt=\"rehau-toloajto-buko-tolo-1\" class=\"alignnone  wp-image-448\" height=\"210\" width=\"222\" srcset=\"https:\/\/confector.hu\/nyilaszaro\/wp-content\/uploads\/2015\/08\/rehau-toloajto-buko-tolo-1.jpg 420w, https:\/\/confector.hu\/nyilaszaro\/wp-content\/uploads\/2015\/08\/rehau-toloajto-buko-tolo-1-300x284.jpg 300w\" sizes=\"auto, (max-width: 222px) 100vw, 222px\" \/><img loading=\"lazy\" decoding=\"async\" src=\"https:\/\/confector.hu\/nyilaszaro\/wp-content\/uploads\/2015\/08\/rehau-toloajto-buko-tolo-2.jpg\" alt=\"rehau-toloajto-buko-tolo-2\" class=\" size-full wp-image-449 alignnone\" style=\"margin-left: 20px;\" height=\"207\" width=\"420\" srcset=\"https:\/\/confector.hu\/nyilaszaro\/wp-content\/uploads\/2015\/08\/rehau-toloajto-buko-tolo-2.jpg 420w, https:\/\/confector.hu\/nyilaszaro\/wp-content\/uploads\/2015\/08\/rehau-toloajto-buko-tolo-2-300x148.jpg 300w\" sizes=\"auto, (max-width: 420px) 100vw, 420px\" \/><\/p>\n<p style=\"text-align: justify;\">Az ajt\u00f3 fix elemb\u0151l \u00e9s tolhat\u00f3 sz\u00e1rnyb\u00f3l \u00e1ll. Z\u00e1rt \u00e1llapotban a sz\u00e1rny a fix elem s\u00edkj\u00e1ban van, nyit\u00e1skor el\u0151sz\u00f6r bukik, majd eltolhat\u00f3 a tokra szerelt s\u00ednen vezetve a fix el\u00e9. Egy-, illetve k\u00e9tsz\u00e1rny\u00fa kivitelben gy\u00e1rthat\u00f3, norm\u00e1l \u00e9s k\u00e9nyszer-m\u0171k\u00f6dtet\u00e9s\u0171 vasalattal. K\u00e9nyszerm\u0171k\u00f6dtet\u00e9s eset\u00e9n a sz\u00e1rnyat a kilincs elforgat\u00e1sakor a vasalat a k\u00edv\u00e1nt poz\u00edci\u00f3ba mozd\u00edtja. Norm\u00e1l vasalat eset\u00e9n a sz\u00e1rnysz\u00e9less\u00e9g 160 cm, k\u00e9nyszer-m\u0171k\u00f6dtet\u00e9s\u0171 eset\u00e9ben 200 cm lehet. K\u00fcsz\u00f6bk\u00e9nt az adott profilrendszer tokprofilja jelenik meg, jellemz\u0151en 7 cm magass\u00e1ggal.<\/p>\n<p style=\"text-align: justify;\"><img loading=\"lazy\" decoding=\"async\" src=\"https:\/\/confector.hu\/nyilaszaro\/wp-content\/uploads\/2015\/08\/rehau-toloajto-buko-tolo-3.jpg\" alt=\"rehau-toloajto-buko-tolo-3\" class=\"alignnone size-full wp-image-451\" height=\"400\" width=\"420\" srcset=\"https:\/\/confector.hu\/nyilaszaro\/wp-content\/uploads\/2015\/08\/rehau-toloajto-buko-tolo-3.jpg 420w, https:\/\/confector.hu\/nyilaszaro\/wp-content\/uploads\/2015\/08\/rehau-toloajto-buko-tolo-3-300x286.jpg 300w\" sizes=\"auto, (max-width: 420px) 100vw, 420px\" \/><\/p>\n<p>&nbsp;<\/p>\n<p style=\"text-align: justify;\">Tol\u00f3ajt\u00f3k osztr\u00e1k gy\u00e1rtm\u00e1ny\u00fa MACO vasalattal k\u00e9sz\u00fclnek, k\u00fcl\u00f6nb\u00f6z\u0151 biztons\u00e1gi kateg\u00f3ri\u00e1kkal. Buk\u00f3-tol\u00f3 erk\u00e9lyajt\u00f3khoz k\u00edn\u00e1lunk <strong><a href=\"\/confector\/nyilaszaro\/aluminium-redony\/\">alum\u00ednium red\u0151ny<\/a> <\/strong>\u00e9s plisz\u00e9 <strong><a href=\"\/confector\/nyilaszaro\/szunyoghalok\/\">sz\u00fanyogh\u00e1l\u00f3k<\/a>at<\/strong>.<\/p>\n<div class=\"erdeklodom\"><a href=\"https:\/\/confector.hu\/nyilaszaro\/kapcsolat\">\u00c9rdekl\u0151d\u00f6m <i class=\"fa fa-arrow-circle-right\"><\/i><\/a><\/div>\n","protected":false},"excerpt":{"rendered":"<p>Rehau tol\u00f3ajt\u00f3 k\u00edn\u00e1latunk Term\u00e9keink k\u00f6z\u00f6tt t\u00f6bbf\u00e9le tol\u00f3ajt\u00f3 t\u00edpus tal\u00e1lhat\u00f3. Rehau tol\u00f3ajt\u00f3 legel\u0151ny\u00f6sebb tulajdons\u00e1ga, hogy helytakar\u00e9kosak, mert a nyit\u00e1s sor\u00e1n a mozg\u00f3 sz\u00e1rny nem foglal k\u00fcl\u00f6n\u00f6sebben nagy helyet a lak\u00f3t\u00e9rb\u0151l, a fix \u00fcvegelem el\u00e9 tol\u00f3dik. Rehau tol\u00f3ajt\u00f3k alkalmasak rendk\u00edv\u00fcl sz\u00e9les ny\u00edl\u00e1sok &#8211; ak\u00e1r 4 m\u00e9ter &#8211; kialak\u00edt\u00e1s\u00e1ra minim\u00e1lis k\u00fcsz\u00f6bmagass\u00e1ggal. A n\u00e9met Rehau ablakrendszereinkb\u0151l buk\u00f3-tol\u00f3 vagy emel\u0151-tol\u00f3 [&hellip;]<\/p>\n","protected":false},"author":2,"featured_media":1111,"parent":0,"menu_order":0,"comment_status":"closed","ping_status":"open","template":"","meta":{"footnotes":""},"class_list":["post-230","page","type-page","status-publish","has-post-thumbnail","hentry"],"aioseo_notices":[],"_links":{"self":[{"href":"https:\/\/confector.hu\/nyilaszaro\/wp-json\/wp\/v2\/pages\/230","targetHints":{"allow":["GET"]}}],"collection":[{"href":"https:\/\/confector.hu\/nyilaszaro\/wp-json\/wp\/v2\/pages"}],"about":[{"href":"https:\/\/confector.hu\/nyilaszaro\/wp-json\/wp\/v2\/types\/page"}],"author":[{"embeddable":true,"href":"https:\/\/confector.hu\/nyilaszaro\/wp-json\/wp\/v2\/users\/2"}],"replies":[{"embeddable":true,"href":"https:\/\/confector.hu\/nyilaszaro\/wp-json\/wp\/v2\/comments?post=230"}],"version-history":[{"count":32,"href":"https:\/\/confector.hu\/nyilaszaro\/wp-json\/wp\/v2\/pages\/230\/revisions"}],"predecessor-version":[{"id":1110,"href":"https:\/\/confector.hu\/nyilaszaro\/wp-json\/wp\/v2\/pages\/230\/revisions\/1110"}],"wp:featuredmedia":[{"embeddable":true,"href":"https:\/\/confector.hu\/nyilaszaro\/wp-json\/wp\/v2\/media\/1111"}],"wp:attachment":[{"href":"https:\/\/confector.hu\/nyilaszaro\/wp-json\/wp\/v2\/media?parent=230"}],"curies":[{"name":"wp","href":"https:\/\/api.w.org\/{rel}","templated":true}]}}