{"id":226,"date":"2015-08-17T07:15:51","date_gmt":"2015-08-17T06:15:51","guid":{"rendered":"https:\/\/confector.hu\/nyilaszaro\/?page_id=226"},"modified":"2024-11-05T12:01:20","modified_gmt":"2024-11-05T11:01:20","slug":"rehau-ablak","status":"publish","type":"page","link":"https:\/\/confector.hu\/nyilaszaro\/rehau-ablak\/","title":{"rendered":"Rehau ablak"},"content":{"rendered":"<h3>Mi\u00e9rt Rehau ablak?<\/h3>\n<p>&nbsp;<\/p>\n<p style=\"text-align: justify;\">C\u00e9g\u00fcnk 1997 \u00f3ta foglakozik Budapesten m\u0171anyag ny\u00edl\u00e1sz\u00e1r\u00f3k gy\u00e1rt\u00e1s\u00e1val. Alapelv\u00fcnk a\u00a0<strong>kiemelked\u0151 min\u0151s\u00e9g<\/strong>\u00a0biztos\u00edt\u00e1sa, ez\u00e9rt a kezdetek \u00f3ta a t\u00f6bb mint 50 \u00e9ves m\u00faltra visszatekint\u0151, n\u00e9met gy\u00e1rtm\u00e1ny\u00fa REHAU profilrendszerb\u0151l dolgozunk. Az egyedi m\u00e9retre gy\u00e1rt\u00e1st magas sz\u00ednvonalat k\u00e9pvisel\u0151 g\u00e9psorunk \u00e9s saj\u00e1t szakembereink v\u00e9gzik. Az osztr\u00e1k MACO vasalat rendszer a legkorszer\u0171bb ig\u00e9nyeket is kiel\u00e9g\u00edti, ez \u00e1ltal megval\u00f3s\u00edtva a hossz\u00fa t\u00e1v\u00fa hib\u00e1tlan m\u0171k\u00f6d\u00e9st, illetve a megfelel\u0151 l\u00e9gz\u00e1r\u00e1st \u00e9s a kell\u0151 szell\u0151ztet\u00e9si lehet\u0151s\u00e9geket. Term\u00e9keink sokr\u00e9t\u0171s\u00e9ge alkalmass\u00e1 teszi, minden felmer\u00fcl\u0151 ig\u00e9ny kiel\u00e9g\u00edt\u00e9s\u00e9re, \u00e9rtve ez alatt az egyszer\u0171bb m\u0171szaki tulajdons\u00e1g\u00fa ablakokt\u00f3l, a maxim\u00e1lis h\u0151- \u00e9s hangszigetel\u00e9snek megfelel\u0151 \u2013 ak\u00e1r passz\u00edvh\u00e1z min\u0151s\u00edt\u00e9s\u0171 \u2013 ny\u00edl\u00e1sz\u00e1r\u00f3kig. Az egyedi gy\u00e1rt\u00e1sb\u00f3l k\u00f6vetkez\u0151en b\u00e1rmilyen megl\u00e9v\u0151 ablak cser\u00e9j\u00e9t el tudjuk v\u00e9gezni, az eredeti homlokzati k\u00e9p megtart\u00e1s\u00e1val, az elhaszn\u00e1l\u00f3dott fa ablakok megjelen\u00e9s\u00e9nek h\u0171 visszat\u00fckr\u00f6z\u0151d\u00e9s\u00e9vel. Term\u00e9szetesen a rendszer komplett, minden kieg\u00e9sz\u00edt\u0151vel ell\u00e1tva (toktold\u00f3k, tok- \u00e9s sz\u00e1rnyoszt\u00f3k, sorol\u00f3k, p\u00e1rk\u00e1nyfogad\u00f3k stb.), \u00edgy biztos\u00edtva a felmer\u00fcl\u0151 m\u0171szaki \u00e9s eszt\u00e9tikai ig\u00e9nyek megval\u00f3s\u00edthat\u00f3s\u00e1g\u00e1t. Sz\u00ednv\u00e1laszt\u00e9k tekintet\u00e9ben l\u00e9teznek standard gy\u00e1ri f\u00f3li\u00e1zott profilok, melyek sz\u00ednes alaptestre vannak kas\u00edrozva, de a v\u00e1laszt\u00e9k b\u0151v\u00edt\u00e9s\u00e9nek \u00e9rdek\u00e9ben k\u00f6zel 60 f\u00e9le ut\u00f3lagos f\u00f3li\u00e1z\u00e1sb\u00f3l lehet v\u00e1lasztani, melyek az alap feh\u00e9r profilra ker\u00fclnek fel.<\/p>\n<p>&nbsp;<\/p>\n<h3>Rehau ablak profilcsal\u00e1djaink<\/h3>\n<p>&nbsp;<\/p>\n<h4>REHAU 70-es rendszer (ECOSOL)<\/h4>\n<p style=\"text-align: justify;\">A magas fok\u00fa h\u0151szigetel\u00e9st design-soksz\u00edn\u0171s\u00e9ggel kombin\u00e1lja. \u00dagy a 70 mm-es be\u00e9p\u00edt\u00e9si m\u00e9lys\u00e9g\u0171 5 l\u00e9gkamr\u00e1s, mint a 80 mm-es be\u00e9p\u00edt\u00e9si m\u00e9lys\u00e9g\u0171 6 l\u00e9gkamr\u00e1s eset\u00e9ben az \u00fctk\u00f6z\u0151t\u00f6m\u00edt\u00e9ses rendszer mindig meg tud felelni az alacsony energiafelhaszn\u00e1l\u00e1si standardok \u00e1ltal t\u00e1masztott ig\u00e9nyeknek. Az ig\u00e9nyes megjelen\u00e9st lekerek\u00edtett, vagy k\u00e9tszer t\u00f6rt kont\u00far\u00fa sz\u00e1rny -, illetve tokprofilj\u00e1nak k\u00f6sz\u00f6nheti.<\/p>\n<p><img loading=\"lazy\" decoding=\"async\" src=\"https:\/\/confector.hu\/nyilaszaro\/wp-content\/uploads\/2015\/08\/rehau-ablak-ecosol70.jpg\" alt=\"rehau-ablak-ecosol70\" class=\" size-full wp-image-515 alignright\" width=\"420\" height=\"420\" srcset=\"https:\/\/confector.hu\/nyilaszaro\/wp-content\/uploads\/2015\/08\/rehau-ablak-ecosol70.jpg 420w, https:\/\/confector.hu\/nyilaszaro\/wp-content\/uploads\/2015\/08\/rehau-ablak-ecosol70-150x150.jpg 150w, https:\/\/confector.hu\/nyilaszaro\/wp-content\/uploads\/2015\/08\/rehau-ablak-ecosol70-300x300.jpg 300w, https:\/\/confector.hu\/nyilaszaro\/wp-content\/uploads\/2015\/08\/rehau-ablak-ecosol70-81x81.jpg 81w, https:\/\/confector.hu\/nyilaszaro\/wp-content\/uploads\/2015\/08\/rehau-ablak-ecosol70-50x50.jpg 50w\" sizes=\"auto, (max-width: 420px) 100vw, 420px\" \/><\/p>\n<h4>Tulajdons\u00e1gok:<\/h4>\n<ul>\n<li>Be\u00e9p\u00edt\u00e9si m\u00e9lys\u00e9g: 70 mm (opcion\u00e1lis: 80 mm Design-tok) \/ \u00dctk\u00f6z\u0151t\u00f6m\u00edt\u00e9s<\/li>\n<li>Kamrasz\u00e1m: 5-kamr\u00e1s (6-kamr\u00e1s)<\/li>\n<li>H\u0151szigetel\u00e9s: Uf= 1,3 W\/m2K (standard merev\u00edt\u00e9s)<\/li>\n<li>H\u0151szigetel\u00e9s: Uf= 1,2 W\/m2K (h\u0151h\u00eddmentes merev\u00edt\u00e9s)<\/li>\n<li>Hangg\u00e1tl\u00e1s: 4-es hangg\u00e1tl\u00e1si oszt\u00e1ly (VDI 2719)<\/li>\n<li>Bet\u00f6r\u00e9ssel szembeni ellen\u00e1ll\u00f3s\u00e1g: WK 2-ig (V ENV 1627)<\/li>\n<li>L\u00e9gz\u00e1r\u00e1s\/v\u00edzz\u00e1r\u00e1s C ig\u00e9nybev\u00e9teli oszt\u00e1lyig (DIN 18055)<\/li>\n<li>P\u00e1rakicsap\u00f3d\u00e1s-mentes sarokablak-sorol\u00e1s<\/li>\n<\/ul>\n<p>&nbsp;<\/p>\n<hr \/>\n<p>&nbsp;<\/p>\n<h4>REHAU SYNEGO<\/h4>\n<p style=\"text-align: justify;\">REHAU Synego a 2014-ben bemutatott, leg\u00fajabb profilcsal\u00e1d. Ezen 80 mm-es rendszer hivatott kiv\u00e1ltani a j\u00f6v\u0151ben a ma m\u00e9g megfelel\u0151 70 mm-es rendszereket. Mind k\u00f6z\u00e9pt\u00f6m\u00edt\u00e9ses, mind sz\u00e9lt\u00f6m\u00edt\u00e9ses rendszerk\u00e9nt is gy\u00e1rthat\u00f3, a h\u0151szigetel\u00e9si \u00e9s\/vagy hangg\u00e1tl\u00e1si elv\u00e1r\u00e1soknak megfelel\u0151en. A profil karakterisztik\u00e1j\u00e1ban visszak\u00f6sz\u00f6n a mai modern letisztult vonalvezet\u00e9s, de az \u00edves\u00edtett sz\u00e1rnyprofilokat kedvel\u0151knek is tudunk kedvezni.<\/p>\n<p>&nbsp;<\/p>\n<h4>Tulajdons\u00e1gok:<\/h4>\n<ul>\n<li><img loading=\"lazy\" decoding=\"async\" src=\"https:\/\/confector.hu\/nyilaszaro\/wp-content\/uploads\/2015\/08\/rehau-ablak-synego.jpg\" alt=\"rehau-ablak-synego\" class=\" size-full wp-image-518 alignright\" width=\"420\" height=\"300\" srcset=\"https:\/\/confector.hu\/nyilaszaro\/wp-content\/uploads\/2015\/08\/rehau-ablak-synego.jpg 420w, https:\/\/confector.hu\/nyilaszaro\/wp-content\/uploads\/2015\/08\/rehau-ablak-synego-300x214.jpg 300w\" sizes=\"auto, (max-width: 420px) 100vw, 420px\" \/>Be\u00e9p\u00edt\u00e9si m\u00e9lys\u00e9g: 80 mm \/ k\u00f6z\u00e9pt\u00f6m\u00edt\u00e9s<\/li>\n<li>Kamrasz\u00e1m: 7 kamr\u00e1s tok; 6 kamr\u00e1s sz\u00e1rny<\/li>\n<li>H\u0151szigetel\u00e9s: Uf = 0,94\/1,0 W\/m2K<\/li>\n<li>L\u00e9g\u00e1tereszt\u00e9s: 4 (EN 12207); V\u00edzz\u00e1r\u00e1s: 9A (EN 12208)<\/li>\n<li>Anyag: PVC alapanyagb\u00f3l a kiv\u00e1l\u00f3 fel\u00fcleti min\u0151s\u00e9g \u00e9rdek\u00e9ben, HDF fel\u00fcleti technol\u00f3gi\u00e1val<\/li>\n<li>Hangg\u00e1tl\u00e1s: 5-\u00f6s hangg\u00e1tl\u00e1si oszt\u00e1lyig, Rwp = 46 dB<\/li>\n<li>Bet\u00f6r\u00e9ssel szembeni ellen\u00e1ll\u00f3s\u00e1g: RC2-es ellen\u00e1ll\u00f3s\u00e1gi oszt\u00e1lyig (WK2)<\/li>\n<\/ul>\n<p>&nbsp;<\/p>\n<hr \/>\n<p>&nbsp;<\/p>\n<h4>REHAU GENEO<\/h4>\n<p style=\"text-align: justify;\">T\u00f6k\u00e9letes energiahat\u00e9konys\u00e1g, ablakprofilok RAU-FIPRO sz\u00e1ler\u0151s\u00edt\u00e9s\u0171 alapanyagb\u00f3l. GENEO energetikai szempontb\u00f3l a piacon el\u00e9rhet\u0151 legjobb a 86 mm-es be\u00e9p\u00edt\u00e9si m\u00e9lys\u00e9g\u0171 profilok k\u00f6z\u00fcl. A GENEO-val ez\u00e9rt ebben az oszt\u00e1lyban a leghat\u00e9konyabb ablakok \u00e1ll\u00edthat\u00f3k el\u0151. RAU-FIPRO, a REHAU \u00e1ltal kifejlesztett innovat\u00edv sz\u00e1ler\u0151s\u00edt\u00e9s\u0171 alapanyag maxim\u00e1lis stabilit\u00e1st \u00e9s torzi\u00f3s szil\u00e1rds\u00e1got, valamint olyan statikai tulajdons\u00e1gokat biztos\u00edt, amelyek ac\u00e9lmerev\u00edt\u00e9s n\u00e9lk\u00fcl nem voltak lehets\u00e9gesek. A rep\u00fcl\u0151g\u00e9p gy\u00e1rt\u00e1s \u00e9s a Forma-1 ut\u00e1n a RAU-FIPRO-val most az ablakgy\u00e1rt\u00e1sban is megjelent a sz\u00e1ler\u0151s\u00edt\u00e9s\u0171 kompozit alapanyag.<\/p>\n<p>&nbsp;<\/p>\n<h4>Tulajdons\u00e1gok:<\/h4>\n<ul>\n<li><img loading=\"lazy\" decoding=\"async\" src=\"https:\/\/confector.hu\/nyilaszaro\/wp-content\/uploads\/2015\/08\/rehau-ablak-geneo.jpg\" alt=\"rehau-ablak-geneo\" class=\"alignright size-full wp-image-520\" width=\"420\" height=\"420\" srcset=\"https:\/\/confector.hu\/nyilaszaro\/wp-content\/uploads\/2015\/08\/rehau-ablak-geneo.jpg 420w, https:\/\/confector.hu\/nyilaszaro\/wp-content\/uploads\/2015\/08\/rehau-ablak-geneo-150x150.jpg 150w, https:\/\/confector.hu\/nyilaszaro\/wp-content\/uploads\/2015\/08\/rehau-ablak-geneo-300x300.jpg 300w, https:\/\/confector.hu\/nyilaszaro\/wp-content\/uploads\/2015\/08\/rehau-ablak-geneo-81x81.jpg 81w, https:\/\/confector.hu\/nyilaszaro\/wp-content\/uploads\/2015\/08\/rehau-ablak-geneo-50x50.jpg 50w\" sizes=\"auto, (max-width: 420px) 100vw, 420px\" \/>Be\u00e9p\u00edt\u00e9si m\u00e9lys\u00e9g: 86 mm \/ k\u00f6z\u00e9pt\u00f6m\u00edt\u00e9s<\/li>\n<li>Kamrasz\u00e1m: 6-kamr\u00e1s<\/li>\n<li>H\u0151szigetel\u00e9s: Uf = 0,8 W\/m2K-ig<\/li>\n<li>L\u00e9g\u00e1tereszt\u00e9s: 4 (EN 12207); V\u00edzz\u00e1r\u00e1s: 9A (EN 12208)<\/li>\n<li>Energiamegtakar\u00edt\u00e1s: 76%-ig*<\/li>\n<li>Anyag: RAU-FIPRO sz\u00e1ler\u0151s\u00edt\u00e9s\u0171 alapanyag k\u00f6rbefut\u00f3, koextrud\u00e1lt l\u00e1tsz\u00f3 fel\u00fclettel a m\u00e1r bizony\u00edtott, \u00e9rt\u00e9kes RAU-PVC alapanyagb\u00f3l a kiv\u00e1l\u00f3 fel\u00fcleti min\u0151s\u00e9g \u00e9rdek\u00e9ben<\/li>\n<li>Hangg\u00e1tl\u00e1s: 5-\u00f6s hangg\u00e1tl\u00e1si oszt\u00e1lyig merev\u00edt\u00e9s n\u00e9lk\u00fcl, Rw,P = 47 dB Rw = 50 dB \u00fcvegez\u00e9ssel<\/li>\n<li>Bet\u00f6r\u00e9ssel szembeni ellen\u00e1ll\u00f3s\u00e1g: 3-as ellen\u00e1ll\u00f3s\u00e1gi oszt\u00e1lyig (WK3), 2-es ellen\u00e1ll\u00f3s\u00e1gi oszt\u00e1lyig (WK2) merev\u00edt\u00e9s n\u00e9lk\u00fcl<\/li>\n<\/ul>\n<p>&nbsp;<\/p>\n<p style=\"text-align: justify;\">*Ny\u00edl\u00e1sz\u00e1r\u00f3kn\u00e1l fell\u00e9p\u0151 energiavesztes\u00e9g-cs\u00f6kken\u00e9s a 80-as \u00e9vekben k\u00e9sz\u00fclt r\u00e9gi fa\/m\u0171anyag ablakokr\u00f3l (Uf=1,9, Ug=3,0) GENEO profilb\u00f3l k\u00e9sz\u00fclt ny\u00edl\u00e1sz\u00e1r\u00f3kra t\u00f6rt\u00e9n\u0151 v\u00e1lt\u00e1sn\u00e1l (Uf=0,91, Ug=0,5, ablakm\u00e9ret 123 x 148 cm)<\/p>\n<div class=\"erdeklodom\"><a href=\"https:\/\/confector.hu\/nyilaszaro\/kapcsolat\">\u00c9rdekl\u0151d\u00f6m <i class=\"fa fa-arrow-circle-right\"><\/i><\/a><\/div>\n","protected":false},"excerpt":{"rendered":"<p>Mi\u00e9rt Rehau ablak? &nbsp; C\u00e9g\u00fcnk 1997 \u00f3ta foglakozik Budapesten m\u0171anyag ny\u00edl\u00e1sz\u00e1r\u00f3k gy\u00e1rt\u00e1s\u00e1val. Alapelv\u00fcnk a\u00a0kiemelked\u0151 min\u0151s\u00e9g\u00a0biztos\u00edt\u00e1sa, ez\u00e9rt a kezdetek \u00f3ta a t\u00f6bb mint 50 \u00e9ves m\u00faltra visszatekint\u0151, n\u00e9met gy\u00e1rtm\u00e1ny\u00fa REHAU profilrendszerb\u0151l dolgozunk. Az egyedi m\u00e9retre gy\u00e1rt\u00e1st magas sz\u00ednvonalat k\u00e9pvisel\u0151 g\u00e9psorunk \u00e9s saj\u00e1t szakembereink v\u00e9gzik. Az osztr\u00e1k MACO vasalat rendszer a legkorszer\u0171bb ig\u00e9nyeket is kiel\u00e9g\u00edti, ez \u00e1ltal [&hellip;]<\/p>\n","protected":false},"author":2,"featured_media":1116,"parent":0,"menu_order":0,"comment_status":"closed","ping_status":"open","template":"","meta":{"footnotes":""},"class_list":["post-226","page","type-page","status-publish","has-post-thumbnail","hentry"],"aioseo_notices":[],"_links":{"self":[{"href":"https:\/\/confector.hu\/nyilaszaro\/wp-json\/wp\/v2\/pages\/226","targetHints":{"allow":["GET"]}}],"collection":[{"href":"https:\/\/confector.hu\/nyilaszaro\/wp-json\/wp\/v2\/pages"}],"about":[{"href":"https:\/\/confector.hu\/nyilaszaro\/wp-json\/wp\/v2\/types\/page"}],"author":[{"embeddable":true,"href":"https:\/\/confector.hu\/nyilaszaro\/wp-json\/wp\/v2\/users\/2"}],"replies":[{"embeddable":true,"href":"https:\/\/confector.hu\/nyilaszaro\/wp-json\/wp\/v2\/comments?post=226"}],"version-history":[{"count":26,"href":"https:\/\/confector.hu\/nyilaszaro\/wp-json\/wp\/v2\/pages\/226\/revisions"}],"predecessor-version":[{"id":514,"href":"https:\/\/confector.hu\/nyilaszaro\/wp-json\/wp\/v2\/pages\/226\/revisions\/514"}],"wp:featuredmedia":[{"embeddable":true,"href":"https:\/\/confector.hu\/nyilaszaro\/wp-json\/wp\/v2\/media\/1116"}],"wp:attachment":[{"href":"https:\/\/confector.hu\/nyilaszaro\/wp-json\/wp\/v2\/media?parent=226"}],"curies":[{"name":"wp","href":"https:\/\/api.w.org\/{rel}","templated":true}]}}